{"id":48,"date":"2024-01-12T23:14:55","date_gmt":"2024-01-12T22:14:55","guid":{"rendered":"https:\/\/fundarquesam.org\/?page_id=48"},"modified":"2025-12-21T21:29:15","modified_gmt":"2025-12-21T20:29:15","slug":"sobre-fundarquesam","status":"publish","type":"page","link":"https:\/\/fundarquesam.org\/index.php\/sobre-fundarquesam\/","title":{"rendered":"Sobre Fundarquesam"},"content":{"rendered":"\t\t<div data-elementor-type=\"wp-page\" data-elementor-id=\"48\" class=\"elementor elementor-48\">\n\t\t\t\t<div class=\"elementor-element elementor-element-3048042 e-con-full e-flex e-con e-parent\" data-id=\"3048042\" data-element_type=\"container\">\n\t\t\t\t<div class=\"elementor-element elementor-element-c9f4711 elementor-widget elementor-widget-image\" data-id=\"c9f4711\" data-element_type=\"widget\" data-widget_type=\"image.default\">\n\t\t\t\t<div class=\"elementor-widget-container\">\n\t\t\t\t\t\t\t\t\t\t\t\t\t\t\t<img fetchpriority=\"high\" decoding=\"async\" width=\"1024\" height=\"164\" src=\"https:\/\/fundarquesam.org\/wp-content\/uploads\/2024\/01\/fundarqueam-e1705071266950-1024x164.jpg\" class=\"attachment-large size-large wp-image-31\" alt=\"\" srcset=\"https:\/\/fundarquesam.org\/wp-content\/uploads\/2024\/01\/fundarqueam-e1705071266950-1024x164.jpg 1024w, https:\/\/fundarquesam.org\/wp-content\/uploads\/2024\/01\/fundarqueam-e1705071266950-600x96.jpg 600w, https:\/\/fundarquesam.org\/wp-content\/uploads\/2024\/01\/fundarqueam-e1705071266950-300x48.jpg 300w, https:\/\/fundarquesam.org\/wp-content\/uploads\/2024\/01\/fundarqueam-e1705071266950-768x123.jpg 768w, https:\/\/fundarquesam.org\/wp-content\/uploads\/2024\/01\/fundarqueam-e1705071266950-1536x246.jpg 1536w, https:\/\/fundarquesam.org\/wp-content\/uploads\/2024\/01\/fundarqueam-e1705071266950.jpg 1600w\" sizes=\"(max-width: 1024px) 100vw, 1024px\" \/>\t\t\t\t\t\t\t\t\t\t\t\t\t\t\t<\/div>\n\t\t\t\t<\/div>\n\t\t\t\t<\/div>\n\t\t<div class=\"elementor-element elementor-element-7f520fd e-flex e-con-boxed e-con e-parent\" data-id=\"7f520fd\" data-element_type=\"container\">\n\t\t\t\t\t<div class=\"e-con-inner\">\n\t\t\t\t<div class=\"elementor-element elementor-element-67816cf e-transform elementor-widget elementor-widget-heading\" data-id=\"67816cf\" data-element_type=\"widget\" data-settings=\"{&quot;_transform_rotateZ_effect&quot;:{&quot;unit&quot;:&quot;px&quot;,&quot;size&quot;:-1,&quot;sizes&quot;:[]},&quot;_transform_rotateZ_effect_tablet&quot;:{&quot;unit&quot;:&quot;deg&quot;,&quot;size&quot;:&quot;&quot;,&quot;sizes&quot;:[]},&quot;_transform_rotateZ_effect_mobile&quot;:{&quot;unit&quot;:&quot;deg&quot;,&quot;size&quot;:&quot;&quot;,&quot;sizes&quot;:[]}}\" data-widget_type=\"heading.default\">\n\t\t\t\t<div class=\"elementor-widget-container\">\n\t\t\t\t\t<h2 class=\"elementor-heading-title elementor-size-default\">RESE\u00d1A HIST\u00d3RICA <\/h2>\t\t\t\t<\/div>\n\t\t\t\t<\/div>\n\t\t\t\t\t<\/div>\n\t\t\t\t<\/div>\n\t\t<div class=\"elementor-element elementor-element-8e66d0b e-con-full e-flex e-con e-parent\" data-id=\"8e66d0b\" data-element_type=\"container\" data-settings=\"{&quot;background_background&quot;:&quot;classic&quot;}\">\n\t\t\t\t<div class=\"elementor-element elementor-element-b23c71a elementor-widget elementor-widget-text-editor\" data-id=\"b23c71a\" data-element_type=\"widget\" data-widget_type=\"text-editor.default\">\n\t\t\t\t<div class=\"elementor-widget-container\">\n\t\t\t\t\t\t\t\t\t<p>La fundaci\u00f3n arquitect\u00f3nica esperanza ambiental, es una entidad de base afrocolombiana que nace como un espacio de dialogo y debate acerca de temas que aqueja a la poblaci\u00f3n m\u00e1s vulnerable en el distrito especial de Buenaventura, con el<br \/>objetivo de mejorar las condiciones habitacionales y mitigar el impacto negativo que se ejerce sobre el medio ambiente. La fundaci\u00f3n promueve una cultura ciudadana desde los objetivos de la ecolog\u00eda, aplicando los diversos conocimientos del grupo interdisciplinario de \u00e9sta, realizando distintas actividades en diferentes sectores del distrito especial de Buenaventura capacitando y desarrollando planes estrat\u00e9gicos para mejorar las condiciones de vida de los habitantes.<br \/>La fundaci\u00f3n visualiza al distrito especial de buenaventura como un nicho verde, es decir, aprovechar al m\u00e1ximo todos los recursos naturales del distrito para promover y facilitar un desarrollo sostenible donde todos los componentes (social. Cultural, econ\u00f3mico, arquitect\u00f3nico y ambiental sean importantes en la misma escala con fin de generar empleo a los diferentes sectores de la ciudad bas\u00e1ndose en la problem\u00e1tica de la actualidad la fundaci\u00f3n quiere erradicar ese problema con charlas, talleres, salida, jornadas l\u00fadicas, folletos, videos, teatro, salida institucionales, redes tem\u00e1ticas, encuentros y sobre todo con la participaci\u00f3n ciudadana ya que estos son los principales actores para poder realizar este cambio.<\/p>\t\t\t\t\t\t\t\t<\/div>\n\t\t\t\t<\/div>\n\t\t\t\t<div class=\"elementor-element elementor-element-d248504 elementor-widget elementor-widget-text-editor\" data-id=\"d248504\" data-element_type=\"widget\" data-widget_type=\"text-editor.default\">\n\t\t\t\t<div class=\"elementor-widget-container\">\n\t\t\t\t\t\t\t\t\t<p><span style=\"color: #000000;\">Porque el equilibrio para poder generar un desarrollo sostenible nos compete a todos. La FUNDACI\u00d3N ARQUITECT\u00d3NICA ESPERANZA AMBIENTAL, solo es un instrumento para facilitar las tareas y actividades de los habitantes del distrito especial de buenaventura con el fin de cambiar el contexto inmediato dejando a un lado el tab\u00fa que se tiene acerca del medio ambiente el ser humano necesita del medio ambiental para poder vivir y que mejora que d\u00e1ndole un buen uso y aprovechar todas sus ventajas. Con esto hemos cumplido una meta de muchas que la fundaci\u00f3n se ha propuesto, la fundaci\u00f3n arquitect\u00f3nica esperanza ambienta busca mejorar las condiciones habitacionales de los habitantes del distrito especial de buenaventura y proyectarse a las ciudades de la regi\u00f3n del pacifico colombiano para reflejar que, si se puede hacer m\u00e1s <\/span><span style=\"color: #000000;\">con muy poco, todo lo que se necesita es persistir y luchar por los objetivos.<\/span><\/p>\t\t\t\t\t\t\t\t<\/div>\n\t\t\t\t<\/div>\n\t\t\t\t<\/div>\n\t\t<div class=\"elementor-element elementor-element-85da747 e-con-full e-flex e-con e-parent\" data-id=\"85da747\" data-element_type=\"container\" data-settings=\"{&quot;background_background&quot;:&quot;classic&quot;}\">\n\t\t<div class=\"elementor-element elementor-element-8490da1 e-con-full e-flex e-con e-child\" data-id=\"8490da1\" data-element_type=\"container\" data-settings=\"{&quot;background_background&quot;:&quot;classic&quot;,&quot;background_motion_fx_motion_fx_scrolling&quot;:&quot;yes&quot;,&quot;background_motion_fx_devices&quot;:[&quot;desktop&quot;,&quot;tablet&quot;,&quot;mobile&quot;]}\">\n\t\t\t\t<div class=\"elementor-element elementor-element-058ad28 e-transform elementor-widget elementor-widget-heading\" data-id=\"058ad28\" data-element_type=\"widget\" data-settings=\"{&quot;_transform_rotateZ_effect&quot;:{&quot;unit&quot;:&quot;px&quot;,&quot;size&quot;:-1,&quot;sizes&quot;:[]},&quot;_transform_rotateZ_effect_tablet&quot;:{&quot;unit&quot;:&quot;deg&quot;,&quot;size&quot;:&quot;&quot;,&quot;sizes&quot;:[]},&quot;_transform_rotateZ_effect_mobile&quot;:{&quot;unit&quot;:&quot;deg&quot;,&quot;size&quot;:&quot;&quot;,&quot;sizes&quot;:[]}}\" data-widget_type=\"heading.default\">\n\t\t\t\t<div class=\"elementor-widget-container\">\n\t\t\t\t\t<h2 class=\"elementor-heading-title elementor-size-default\">MISI\u00d3N<\/h2>\t\t\t\t<\/div>\n\t\t\t\t<\/div>\n\t\t\t\t<div class=\"elementor-element elementor-element-884b0ec elementor-widget elementor-widget-text-editor\" data-id=\"884b0ec\" data-element_type=\"widget\" data-widget_type=\"text-editor.default\">\n\t\t\t\t<div class=\"elementor-widget-container\">\n\t\t\t\t\t\t\t\t\t<p>Nuestra entidad est\u00e1 comprometida con el desarrollo social y ambiental reservando el ecosistema a trav\u00e9s de actividades que involucren a la comunidad y aporte a la construcci\u00f3n de ciudad a trav\u00e9s soluciones y proyectos que ayuden al mejoramiento de Buenaventura.<\/p>\t\t\t\t\t\t\t\t<\/div>\n\t\t\t\t<\/div>\n\t\t\t\t<\/div>\n\t\t<div class=\"elementor-element elementor-element-74d346e e-con-full e-flex e-con e-child\" data-id=\"74d346e\" data-element_type=\"container\" data-settings=\"{&quot;background_background&quot;:&quot;classic&quot;}\">\n\t\t\t\t<div class=\"elementor-element elementor-element-c3bd94b e-transform e-transform elementor-widget elementor-widget-heading\" data-id=\"c3bd94b\" data-element_type=\"widget\" data-settings=\"{&quot;_transform_rotateZ_effect&quot;:{&quot;unit&quot;:&quot;px&quot;,&quot;size&quot;:1,&quot;sizes&quot;:[]},&quot;_transform_rotateZ_effect_tablet&quot;:{&quot;unit&quot;:&quot;deg&quot;,&quot;size&quot;:&quot;&quot;,&quot;sizes&quot;:[]},&quot;_transform_rotateZ_effect_mobile&quot;:{&quot;unit&quot;:&quot;deg&quot;,&quot;size&quot;:&quot;&quot;,&quot;sizes&quot;:[]},&quot;_transform_scaleX_effect&quot;:{&quot;unit&quot;:&quot;px&quot;,&quot;size&quot;:&quot;&quot;,&quot;sizes&quot;:[]},&quot;_transform_scaleX_effect_tablet&quot;:{&quot;unit&quot;:&quot;px&quot;,&quot;size&quot;:&quot;&quot;,&quot;sizes&quot;:[]},&quot;_transform_scaleX_effect_mobile&quot;:{&quot;unit&quot;:&quot;px&quot;,&quot;size&quot;:&quot;&quot;,&quot;sizes&quot;:[]},&quot;_transform_scaleY_effect&quot;:{&quot;unit&quot;:&quot;px&quot;,&quot;size&quot;:&quot;&quot;,&quot;sizes&quot;:[]},&quot;_transform_scaleY_effect_tablet&quot;:{&quot;unit&quot;:&quot;px&quot;,&quot;size&quot;:&quot;&quot;,&quot;sizes&quot;:[]},&quot;_transform_scaleY_effect_mobile&quot;:{&quot;unit&quot;:&quot;px&quot;,&quot;size&quot;:&quot;&quot;,&quot;sizes&quot;:[]}}\" data-widget_type=\"heading.default\">\n\t\t\t\t<div class=\"elementor-widget-container\">\n\t\t\t\t\t<h2 class=\"elementor-heading-title elementor-size-default\">VISI\u00d3N<\/h2>\t\t\t\t<\/div>\n\t\t\t\t<\/div>\n\t\t\t\t<div class=\"elementor-element elementor-element-5545862 elementor-widget elementor-widget-text-editor\" data-id=\"5545862\" data-element_type=\"widget\" data-widget_type=\"text-editor.default\">\n\t\t\t\t<div class=\"elementor-widget-container\">\n\t\t\t\t\t\t\t\t\t<p>A partir del 2024 hasta 2028 ser una organizaci\u00f3n del pacifico colombiano l\u00edder en el desarrollo de programas y proyectos sostenibles por medio de la gesti\u00f3n integral de servicios ambientales y sociales, accionando en el \u00e1mbito nacional e internacional.<\/p>\t\t\t\t\t\t\t\t<\/div>\n\t\t\t\t<\/div>\n\t\t\t\t<\/div>\n\t\t\t\t<\/div>\n\t\t<div class=\"elementor-element elementor-element-fca79df e-flex e-con-boxed e-con e-parent\" data-id=\"fca79df\" data-element_type=\"container\">\n\t\t\t\t\t<div class=\"e-con-inner\">\n\t\t<div class=\"elementor-element elementor-element-dbf5e3b e-con-full e-flex e-con e-child\" data-id=\"dbf5e3b\" data-element_type=\"container\">\n\t\t\t\t<div class=\"elementor-element elementor-element-ab107bb elementor-widget elementor-widget-image\" data-id=\"ab107bb\" data-element_type=\"widget\" data-widget_type=\"image.default\">\n\t\t\t\t<div class=\"elementor-widget-container\">\n\t\t\t\t\t\t\t\t\t\t\t\t\t\t\t<img decoding=\"async\" width=\"585\" height=\"378\" src=\"https:\/\/fundarquesam.org\/wp-content\/uploads\/2024\/01\/WhatsApp-Image-2024-01-14-at-11.32.57-AM.jpeg\" class=\"attachment-full size-full wp-image-149\" alt=\"\" srcset=\"https:\/\/fundarquesam.org\/wp-content\/uploads\/2024\/01\/WhatsApp-Image-2024-01-14-at-11.32.57-AM.jpeg 585w, https:\/\/fundarquesam.org\/wp-content\/uploads\/2024\/01\/WhatsApp-Image-2024-01-14-at-11.32.57-AM-300x194.jpeg 300w\" sizes=\"(max-width: 585px) 100vw, 585px\" \/>\t\t\t\t\t\t\t\t\t\t\t\t\t\t\t<\/div>\n\t\t\t\t<\/div>\n\t\t\t\t<div class=\"elementor-element elementor-element-afc8176 elementor-widget elementor-widget-spacer\" data-id=\"afc8176\" data-element_type=\"widget\" data-widget_type=\"spacer.default\">\n\t\t\t\t<div class=\"elementor-widget-container\">\n\t\t\t\t\t\t\t<div class=\"elementor-spacer\">\n\t\t\t<div class=\"elementor-spacer-inner\"><\/div>\n\t\t<\/div>\n\t\t\t\t\t\t<\/div>\n\t\t\t\t<\/div>\n\t\t\t\t<div class=\"elementor-element elementor-element-7693dd4 elementor-widget elementor-widget-image\" data-id=\"7693dd4\" data-element_type=\"widget\" data-widget_type=\"image.default\">\n\t\t\t\t<div class=\"elementor-widget-container\">\n\t\t\t\t\t\t\t\t\t\t\t\t\t\t\t<img decoding=\"async\" width=\"724\" height=\"480\" src=\"https:\/\/fundarquesam.org\/wp-content\/uploads\/2024\/01\/WhatsApp-Image-2024-01-18-at-10.39.11-AM.jpeg\" class=\"attachment-large size-large wp-image-464\" alt=\"\" srcset=\"https:\/\/fundarquesam.org\/wp-content\/uploads\/2024\/01\/WhatsApp-Image-2024-01-18-at-10.39.11-AM.jpeg 724w, https:\/\/fundarquesam.org\/wp-content\/uploads\/2024\/01\/WhatsApp-Image-2024-01-18-at-10.39.11-AM-600x398.jpeg 600w, https:\/\/fundarquesam.org\/wp-content\/uploads\/2024\/01\/WhatsApp-Image-2024-01-18-at-10.39.11-AM-300x199.jpeg 300w\" sizes=\"(max-width: 724px) 100vw, 724px\" \/>\t\t\t\t\t\t\t\t\t\t\t\t\t\t\t<\/div>\n\t\t\t\t<\/div>\n\t\t\t\t<div class=\"elementor-element elementor-element-c8b80d8 elementor-widget elementor-widget-spacer\" data-id=\"c8b80d8\" data-element_type=\"widget\" data-widget_type=\"spacer.default\">\n\t\t\t\t<div class=\"elementor-widget-container\">\n\t\t\t\t\t\t\t<div class=\"elementor-spacer\">\n\t\t\t<div class=\"elementor-spacer-inner\"><\/div>\n\t\t<\/div>\n\t\t\t\t\t\t<\/div>\n\t\t\t\t<\/div>\n\t\t\t\t<div class=\"elementor-element elementor-element-eca137f elementor-widget elementor-widget-image\" data-id=\"eca137f\" data-element_type=\"widget\" data-widget_type=\"image.default\">\n\t\t\t\t<div class=\"elementor-widget-container\">\n\t\t\t\t\t\t\t\t\t\t\t\t\t\t\t<img loading=\"lazy\" decoding=\"async\" width=\"740\" height=\"718\" src=\"https:\/\/fundarquesam.org\/wp-content\/uploads\/2024\/01\/WhatsApp-Image-2024-01-18-at-10.40.30-AM.jpeg\" class=\"attachment-large size-large wp-image-466\" alt=\"\" srcset=\"https:\/\/fundarquesam.org\/wp-content\/uploads\/2024\/01\/WhatsApp-Image-2024-01-18-at-10.40.30-AM.jpeg 740w, https:\/\/fundarquesam.org\/wp-content\/uploads\/2024\/01\/WhatsApp-Image-2024-01-18-at-10.40.30-AM-600x582.jpeg 600w, https:\/\/fundarquesam.org\/wp-content\/uploads\/2024\/01\/WhatsApp-Image-2024-01-18-at-10.40.30-AM-300x291.jpeg 300w\" sizes=\"(max-width: 740px) 100vw, 740px\" \/>\t\t\t\t\t\t\t\t\t\t\t\t\t\t\t<\/div>\n\t\t\t\t<\/div>\n\t\t\t\t<\/div>\n\t\t<div class=\"elementor-element elementor-element-42edeac e-con-full e-flex e-con e-child\" data-id=\"42edeac\" data-element_type=\"container\">\n\t\t\t\t<div class=\"elementor-element elementor-element-1abb4cd e-transform e-transform elementor-widget elementor-widget-heading\" data-id=\"1abb4cd\" data-element_type=\"widget\" data-settings=\"{&quot;_transform_rotateZ_effect&quot;:{&quot;unit&quot;:&quot;px&quot;,&quot;size&quot;:1,&quot;sizes&quot;:[]},&quot;_transform_rotateZ_effect_tablet&quot;:{&quot;unit&quot;:&quot;deg&quot;,&quot;size&quot;:&quot;&quot;,&quot;sizes&quot;:[]},&quot;_transform_rotateZ_effect_mobile&quot;:{&quot;unit&quot;:&quot;deg&quot;,&quot;size&quot;:&quot;&quot;,&quot;sizes&quot;:[]},&quot;_transform_scaleX_effect&quot;:{&quot;unit&quot;:&quot;px&quot;,&quot;size&quot;:&quot;&quot;,&quot;sizes&quot;:[]},&quot;_transform_scaleX_effect_tablet&quot;:{&quot;unit&quot;:&quot;px&quot;,&quot;size&quot;:&quot;&quot;,&quot;sizes&quot;:[]},&quot;_transform_scaleX_effect_mobile&quot;:{&quot;unit&quot;:&quot;px&quot;,&quot;size&quot;:&quot;&quot;,&quot;sizes&quot;:[]},&quot;_transform_scaleY_effect&quot;:{&quot;unit&quot;:&quot;px&quot;,&quot;size&quot;:&quot;&quot;,&quot;sizes&quot;:[]},&quot;_transform_scaleY_effect_tablet&quot;:{&quot;unit&quot;:&quot;px&quot;,&quot;size&quot;:&quot;&quot;,&quot;sizes&quot;:[]},&quot;_transform_scaleY_effect_mobile&quot;:{&quot;unit&quot;:&quot;px&quot;,&quot;size&quot;:&quot;&quot;,&quot;sizes&quot;:[]}}\" data-widget_type=\"heading.default\">\n\t\t\t\t<div class=\"elementor-widget-container\">\n\t\t\t\t\t<h2 class=\"elementor-heading-title elementor-size-default\">OBJETO SOCIAL COMUNITARIO<\/h2>\t\t\t\t<\/div>\n\t\t\t\t<\/div>\n\t\t\t\t<div class=\"elementor-element elementor-element-e6e65da elementor-widget elementor-widget-spacer\" data-id=\"e6e65da\" data-element_type=\"widget\" data-widget_type=\"spacer.default\">\n\t\t\t\t<div class=\"elementor-widget-container\">\n\t\t\t\t\t\t\t<div class=\"elementor-spacer\">\n\t\t\t<div class=\"elementor-spacer-inner\"><\/div>\n\t\t<\/div>\n\t\t\t\t\t\t<\/div>\n\t\t\t\t<\/div>\n\t\t\t\t<div class=\"elementor-element elementor-element-2eb5e32 elementor-widget elementor-widget-text-editor\" data-id=\"2eb5e32\" data-element_type=\"widget\" data-widget_type=\"text-editor.default\">\n\t\t\t\t<div class=\"elementor-widget-container\">\n\t\t\t\t\t\t\t\t\t<p>La fundaci\u00f3n es una organizaci\u00f3n de comunidades negras adscrita al sistema nacional de bienestar familiar colombiano, teniendo como objeto principal: mejorar la calidad de vida de las comunidades vulnerables en especial de la ni\u00f1ez, de la adolescencia, de la juventud de la mujer y del adulto mayor, minimizando los riesgos que se presentan por las condiciones de pobreza e insatisfacci\u00f3n de necesidades b\u00e1sicas a la que generalmente \u00e9stas se enfrentan.<br \/>Raz\u00f3n por la cual la fundaci\u00f3n desarrollar\u00e1 proyectos sociales, culturales, educativos, en salud, ambientales, de seguridad alimentaria, arquitect\u00f3nicos, tur\u00edsticos, tecnol\u00f3gicos, portuarios que promuevan la protecci\u00f3n social, el mejoramiento de la calidad de vida, teniendo como acciones principales la alimentaci\u00f3n en la etapa infantil y escolar, la promoci\u00f3n en salud, la contribuci\u00f3n a la reivindicaci\u00f3n de las comunidades negras y de otros grupos \u00e9tnicos y sectores que requieran restablecimiento de sus derechos, la inclusi\u00f3n de las personas que representen minor\u00eda y la clase m\u00e1s desfavorecida, ya sea por discapacidad, por etnia, g\u00e9nero.<br \/>Los miembros de la FUNDACI\u00d3N ARQUITECT\u00d3NICA ESPERANZA AMBIENTAL \u201cFUNDA-ARQUESAM\u201d forman parte de organizaciones de comunidades negras y fomentan las acciones encaminadas al fortalecimiento de estas. De igual manera apoya los procesos de los resguardos y\/o cabildos ind\u00edgenas, consejos comunitarios a trav\u00e9s de comunidades negras y personas jur\u00eddicas sin \u00e1nimo de lucro comprendiendo proyectos encaminados a la formaci\u00f3n en los diversos campos de la cultura y las artes, a partir de programas continuados de educaci\u00f3n o no formales, dirigidos a formadores o multiplicadores y poblaci\u00f3n en general en: m\u00fasica, danza, teatro, circo, artes pl\u00e1sticas o visuales, producci\u00f3n y creaci\u00f3n de contenidos para medios de comunicaci\u00f3n con \u00e9nfasis en cultura, periodismo cultural, saberes y oficios tradicionales o contempor\u00e1neos, procesos de formaci\u00f3n en archivos (clasificaci\u00f3n, catalogaci\u00f3n, restauraci\u00f3n) tambi\u00e9n<br \/>que incluyan creaci\u00f3n de memorias, formaci\u00f3n, procesos de recuperaci\u00f3n, transmisi\u00f3n de saberes y pr\u00e1cticas culturales, producci\u00f3n y circulaci\u00f3n art\u00edstica y cultural, dirigidos a pueblos ind\u00edgenas, comunidades negras, afrocolombianas, raizales, palenqueras y al pueblo rom, fomentar el reconocimiento, la inclusi\u00f3n social y la participaci\u00f3n de la poblaci\u00f3n en situaci\u00f3n de discapacidad a trav\u00e9s de proyectos art\u00edsticos y culturales.<\/p><p style=\"text-align: center;\"><strong>FUNDACI\u00d3N ARQUITECT\u00d3NICA ESPERANZA AMBIENTAL \u201cFUNDA-ARQUESAM\u201d<\/strong><\/p>\t\t\t\t\t\t\t\t<\/div>\n\t\t\t\t<\/div>\n\t\t\t\t<\/div>\n\t\t\t\t\t<\/div>\n\t\t\t\t<\/div>\n\t\t<div class=\"elementor-element elementor-element-76c2aa5 e-flex e-con-boxed e-con e-parent\" data-id=\"76c2aa5\" data-element_type=\"container\">\n\t\t\t\t\t<div class=\"e-con-inner\">\n\t\t\t\t<div class=\"elementor-element elementor-element-b4b76b0 elementor-shape-rounded elementor-grid-0 e-grid-align-center elementor-widget elementor-widget-social-icons\" data-id=\"b4b76b0\" data-element_type=\"widget\" data-widget_type=\"social-icons.default\">\n\t\t\t\t<div class=\"elementor-widget-container\">\n\t\t\t\t\t\t\t<div class=\"elementor-social-icons-wrapper elementor-grid\" role=\"list\">\n\t\t\t\t\t\t\t<span class=\"elementor-grid-item\" role=\"listitem\">\n\t\t\t\t\t<a class=\"elementor-icon elementor-social-icon elementor-social-icon-facebook elementor-repeater-item-09af713\" href=\"https:\/\/www.facebook.com\/fundacionarquitectonica.esperanzaambiental\" target=\"_blank\">\n\t\t\t\t\t\t<span class=\"elementor-screen-only\">Facebook<\/span>\n\t\t\t\t\t\t<svg aria-hidden=\"true\" class=\"e-font-icon-svg e-fab-facebook\" viewBox=\"0 0 512 512\" xmlns=\"http:\/\/www.w3.org\/2000\/svg\"><path d=\"M504 256C504 119 393 8 256 8S8 119 8 256c0 123.78 90.69 226.38 209.25 245V327.69h-63V256h63v-54.64c0-62.15 37-96.48 93.67-96.48 27.14 0 55.52 4.84 55.52 4.84v61h-31.28c-30.8 0-40.41 19.12-40.41 38.73V256h68.78l-11 71.69h-57.78V501C413.31 482.38 504 379.78 504 256z\"><\/path><\/svg>\t\t\t\t\t<\/a>\n\t\t\t\t<\/span>\n\t\t\t\t\t\t\t<span class=\"elementor-grid-item\" role=\"listitem\">\n\t\t\t\t\t<a class=\"elementor-icon elementor-social-icon elementor-social-icon-instagram elementor-repeater-item-2fbd252\" href=\"https:\/\/www.instagram.com\/fundarquesam\/\" target=\"_blank\">\n\t\t\t\t\t\t<span class=\"elementor-screen-only\">Instagram<\/span>\n\t\t\t\t\t\t<svg aria-hidden=\"true\" class=\"e-font-icon-svg e-fab-instagram\" viewBox=\"0 0 448 512\" xmlns=\"http:\/\/www.w3.org\/2000\/svg\"><path d=\"M224.1 141c-63.6 0-114.9 51.3-114.9 114.9s51.3 114.9 114.9 114.9S339 319.5 339 255.9 287.7 141 224.1 141zm0 189.6c-41.1 0-74.7-33.5-74.7-74.7s33.5-74.7 74.7-74.7 74.7 33.5 74.7 74.7-33.6 74.7-74.7 74.7zm146.4-194.3c0 14.9-12 26.8-26.8 26.8-14.9 0-26.8-12-26.8-26.8s12-26.8 26.8-26.8 26.8 12 26.8 26.8zm76.1 27.2c-1.7-35.9-9.9-67.7-36.2-93.9-26.2-26.2-58-34.4-93.9-36.2-37-2.1-147.9-2.1-184.9 0-35.8 1.7-67.6 9.9-93.9 36.1s-34.4 58-36.2 93.9c-2.1 37-2.1 147.9 0 184.9 1.7 35.9 9.9 67.7 36.2 93.9s58 34.4 93.9 36.2c37 2.1 147.9 2.1 184.9 0 35.9-1.7 67.7-9.9 93.9-36.2 26.2-26.2 34.4-58 36.2-93.9 2.1-37 2.1-147.8 0-184.8zM398.8 388c-7.8 19.6-22.9 34.7-42.6 42.6-29.5 11.7-99.5 9-132.1 9s-102.7 2.6-132.1-9c-19.6-7.8-34.7-22.9-42.6-42.6-11.7-29.5-9-99.5-9-132.1s-2.6-102.7 9-132.1c7.8-19.6 22.9-34.7 42.6-42.6 29.5-11.7 99.5-9 132.1-9s102.7-2.6 132.1 9c19.6 7.8 34.7 22.9 42.6 42.6 11.7 29.5 9 99.5 9 132.1s2.7 102.7-9 132.1z\"><\/path><\/svg>\t\t\t\t\t<\/a>\n\t\t\t\t<\/span>\n\t\t\t\t\t<\/div>\n\t\t\t\t\t\t<\/div>\n\t\t\t\t<\/div>\n\t\t\t\t\t<\/div>\n\t\t\t\t<\/div>\n\t\t\t\t<\/div>\n\t\t","protected":false},"excerpt":{"rendered":"<p>RESE\u00d1A HIST\u00d3RICA La fundaci\u00f3n arquitect\u00f3nica esperanza ambiental, es una entidad de base afrocolombiana que nace como un espacio de dialogo&#8230;<\/p>\n","protected":false},"author":1,"featured_media":0,"parent":0,"menu_order":0,"comment_status":"closed","ping_status":"closed","template":"","meta":{"give_campaign_id":0,"_joinchat":[],"footnotes":""},"class_list":["post-48","page","type-page","status-publish","hentry"],"campaignId":"","_hostinger_reach_plugin_has_subscription_block":false,"_hostinger_reach_plugin_is_elementor":false,"_links":{"self":[{"href":"https:\/\/fundarquesam.org\/index.php\/wp-json\/wp\/v2\/pages\/48","targetHints":{"allow":["GET"]}}],"collection":[{"href":"https:\/\/fundarquesam.org\/index.php\/wp-json\/wp\/v2\/pages"}],"about":[{"href":"https:\/\/fundarquesam.org\/index.php\/wp-json\/wp\/v2\/types\/page"}],"author":[{"embeddable":true,"href":"https:\/\/fundarquesam.org\/index.php\/wp-json\/wp\/v2\/users\/1"}],"replies":[{"embeddable":true,"href":"https:\/\/fundarquesam.org\/index.php\/wp-json\/wp\/v2\/comments?post=48"}],"version-history":[{"count":133,"href":"https:\/\/fundarquesam.org\/index.php\/wp-json\/wp\/v2\/pages\/48\/revisions"}],"predecessor-version":[{"id":1171,"href":"https:\/\/fundarquesam.org\/index.php\/wp-json\/wp\/v2\/pages\/48\/revisions\/1171"}],"wp:attachment":[{"href":"https:\/\/fundarquesam.org\/index.php\/wp-json\/wp\/v2\/media?parent=48"}],"curies":[{"name":"wp","href":"https:\/\/api.w.org\/{rel}","templated":true}]}}